{"id":2732,"date":"2020-12-12T15:02:58","date_gmt":"2020-12-12T13:02:58","guid":{"rendered":"http:\/\/www.fil-fle-lyon.com\/siteWP\/?page_id=2732"},"modified":"2026-04-29T18:53:16","modified_gmt":"2026-04-29T16:53:16","slug":"cours-lyon-7-journee","status":"publish","type":"page","link":"https:\/\/www.fil-fle-lyon.com\/siteWP\/je-cherche-un-cours\/cours-lyon-7-journee\/","title":{"rendered":"Cours Lyon 7 Journ\u00e9e"},"content":{"rendered":"\t\t<div data-elementor-type=\"wp-post\" data-elementor-id=\"2732\" class=\"elementor elementor-2732\">\n\t\t\t\t\t\t<section class=\"elementor-section elementor-top-section elementor-element elementor-element-2bfc3cc elementor-section-content-middle elementor-section-boxed elementor-section-height-default elementor-section-height-default\" data-id=\"2bfc3cc\" data-element_type=\"section\" data-e-type=\"section\" data-settings=\"{&quot;background_background&quot;:&quot;classic&quot;}\">\n\t\t\t\t\t\t\t<div class=\"elementor-background-overlay\"><\/div>\n\t\t\t\t\t\t\t<div class=\"elementor-container elementor-column-gap-no\">\n\t\t\t\t\t<div class=\"elementor-column elementor-col-100 elementor-top-column elementor-element elementor-element-5389244\" data-id=\"5389244\" data-element_type=\"column\" data-e-type=\"column\">\n\t\t\t<div class=\"elementor-widget-wrap elementor-element-populated\">\n\t\t\t\t\t\t<div class=\"elementor-element elementor-element-496cbe6 elementor-widget elementor-widget-heading\" data-id=\"496cbe6\" data-element_type=\"widget\" data-e-type=\"widget\" data-widget_type=\"heading.default\">\n\t\t\t\t<div class=\"elementor-widget-container\">\n\t\t\t\t\t<h1 class=\"elementor-heading-title elementor-size-default\">Cours de fran\u00e7ais Lyon 7e en journ\u00e9e : <br> FLE (Fran\u00e7ais Langue Etrang\u00e8re)<\/h1>\t\t\t\t<\/div>\n\t\t\t\t<\/div>\n\t\t\t\t<div class=\"elementor-element elementor-element-d33d219 elementor-widget elementor-widget-text-editor\" data-id=\"d33d219\" data-element_type=\"widget\" data-e-type=\"widget\" data-widget_type=\"text-editor.default\">\n\t\t\t\t<div class=\"elementor-widget-container\">\n\t\t\t\t\t\t\t\t\t<p><strong>4, rue Claude Boyer 69007<\/strong><\/p>\t\t\t\t\t\t\t\t<\/div>\n\t\t\t\t<\/div>\n\t\t\t\t\t<\/div>\n\t\t<\/div>\n\t\t\t\t\t<\/div>\n\t\t<\/section>\n\t\t\t\t<section class=\"elementor-section elementor-top-section elementor-element elementor-element-e0e9080 elementor-section-content-middle elementor-section-boxed elementor-section-height-default elementor-section-height-default\" data-id=\"e0e9080\" data-element_type=\"section\" data-e-type=\"section\" data-settings=\"{&quot;background_background&quot;:&quot;classic&quot;}\">\n\t\t\t\t\t\t<div class=\"elementor-container elementor-column-gap-no\">\n\t\t\t\t\t<div class=\"elementor-column elementor-col-100 elementor-top-column elementor-element elementor-element-457e752\" data-id=\"457e752\" data-element_type=\"column\" data-e-type=\"column\">\n\t\t\t<div class=\"elementor-widget-wrap elementor-element-populated\">\n\t\t\t\t\t\t<div class=\"elementor-element elementor-element-462a69c elementor-widget elementor-widget-heading\" data-id=\"462a69c\" data-element_type=\"widget\" data-e-type=\"widget\" data-widget_type=\"heading.default\">\n\t\t\t\t<div class=\"elementor-widget-container\">\n\t\t\t\t\t<h2 class=\"elementor-heading-title elementor-size-medium\">Flash Info\n\n<\/h2>\t\t\t\t<\/div>\n\t\t\t\t<\/div>\n\t\t\t\t<div class=\"elementor-element elementor-element-d1a719a elementor-widget elementor-widget-text-editor\" data-id=\"d1a719a\" data-element_type=\"widget\" data-e-type=\"widget\" data-widget_type=\"text-editor.default\">\n\t\t\t\t<div class=\"elementor-widget-container\">\n\t\t\t\t\t\t\t\t\t<p><strong>Fin des cours le 18 juin 2026.\u00a0 <\/strong>Pas de cours pendant les vacances scolaires et plus de nouvelles inscriptions en mai et juin (plus d&rsquo;accueil le lundi).<\/p><p><strong>Nouvel accueil et inscriptions<\/strong> <strong>en septembre 2026 : <\/strong>mardi 8 (14h-17h) , mercredi 10 et jeudi 11 ( 9h30-12h et 14h-17h) ,<strong> puis tous les lundis de 14h \u00e0 16h <\/strong>\u00e0 partir du 15 septembre,<strong>\u00a0 dans la limite des places disponibles .\u00a0<\/strong><\/p><p><strong>D\u00e9but des cours le mardi 16 septembre 2026.<\/strong><\/p>\t\t\t\t\t\t\t\t<\/div>\n\t\t\t\t<\/div>\n\t\t\t\t\t<\/div>\n\t\t<\/div>\n\t\t\t\t\t<\/div>\n\t\t<\/section>\n\t\t\t\t<section class=\"elementor-section elementor-top-section elementor-element elementor-element-93b1161 elementor-section-content-middle elementor-section-boxed elementor-section-height-default elementor-section-height-default\" data-id=\"93b1161\" data-element_type=\"section\" data-e-type=\"section\" data-settings=\"{&quot;background_background&quot;:&quot;classic&quot;}\">\n\t\t\t\t\t\t<div class=\"elementor-container elementor-column-gap-no\">\n\t\t\t\t\t<div class=\"elementor-column elementor-col-100 elementor-top-column elementor-element elementor-element-a00a3fd\" data-id=\"a00a3fd\" data-element_type=\"column\" data-e-type=\"column\">\n\t\t\t<div class=\"elementor-widget-wrap elementor-element-populated\">\n\t\t\t\t\t\t<div class=\"elementor-element elementor-element-47a0381 elementor-align-center elementor-widget elementor-widget-button\" data-id=\"47a0381\" data-element_type=\"widget\" data-e-type=\"widget\" data-widget_type=\"button.default\">\n\t\t\t\t<div class=\"elementor-widget-container\">\n\t\t\t\t\t\t\t\t\t<div class=\"elementor-button-wrapper\">\n\t\t\t\t\t<a class=\"elementor-button elementor-button-link elementor-size-sm\" href=\"https:\/\/www.fil-fle-lyon.com\/siteWP\/je-cherche-un-cours\/\">\n\t\t\t\t\t\t<span class=\"elementor-button-content-wrapper\">\n\t\t\t\t\t\t\t\t\t<span class=\"elementor-button-text\">Revenir \u00e0 la page des cours<\/span>\n\t\t\t\t\t<\/span>\n\t\t\t\t\t<\/a>\n\t\t\t\t<\/div>\n\t\t\t\t\t\t\t\t<\/div>\n\t\t\t\t<\/div>\n\t\t\t\t<div class=\"elementor-element elementor-element-53c136c elementor-widget elementor-widget-heading\" data-id=\"53c136c\" data-element_type=\"widget\" data-e-type=\"widget\" data-widget_type=\"heading.default\">\n\t\t\t\t<div class=\"elementor-widget-container\">\n\t\t\t\t\t<h3 class=\"elementor-heading-title elementor-size-default\">Les cours<\/h3>\t\t\t\t<\/div>\n\t\t\t\t<\/div>\n\t\t\t\t<div class=\"elementor-element elementor-element-57853fe elementor-widget elementor-widget-heading\" data-id=\"57853fe\" data-element_type=\"widget\" data-e-type=\"widget\" data-widget_type=\"heading.default\">\n\t\t\t\t<div class=\"elementor-widget-container\">\n\t\t\t\t\t<h2 class=\"elementor-heading-title elementor-size-default\">Fran\u00e7ais Langue Etrang\u00e8re<\/h2>\t\t\t\t<\/div>\n\t\t\t\t<\/div>\n\t\t\t\t<div class=\"elementor-element elementor-element-fc606a4 elementor-widget elementor-widget-text-editor\" data-id=\"fc606a4\" data-element_type=\"widget\" data-e-type=\"widget\" data-widget_type=\"text-editor.default\">\n\t\t\t\t<div class=\"elementor-widget-container\">\n\t\t\t\t\t\t\t\t\t<p>Pour les adultes\u00a0 scolaris\u00e9s dans leur pays d&rsquo;origine, par groupes de niveaux (grand d\u00e9butant A1 \u00e0 avanc\u00e9 B2)<\/p>\t\t\t\t\t\t\t\t<\/div>\n\t\t\t\t<\/div>\n\t\t\t\t\t<\/div>\n\t\t<\/div>\n\t\t\t\t\t<\/div>\n\t\t<\/section>\n\t\t\t\t<section class=\"elementor-section elementor-top-section elementor-element elementor-element-0d66f62 elementor-section-content-middle elementor-section-boxed elementor-section-height-default elementor-section-height-default\" data-id=\"0d66f62\" data-element_type=\"section\" data-e-type=\"section\" data-settings=\"{&quot;background_background&quot;:&quot;classic&quot;}\">\n\t\t\t\t\t\t<div class=\"elementor-container elementor-column-gap-no\">\n\t\t\t\t\t<div class=\"elementor-column elementor-col-100 elementor-top-column elementor-element elementor-element-49e9f29\" data-id=\"49e9f29\" data-element_type=\"column\" data-e-type=\"column\">\n\t\t\t<div class=\"elementor-widget-wrap elementor-element-populated\">\n\t\t\t\t\t\t<div class=\"elementor-element elementor-element-e04e0d4 elementor-widget elementor-widget-heading\" data-id=\"e04e0d4\" data-element_type=\"widget\" data-e-type=\"widget\" data-widget_type=\"heading.default\">\n\t\t\t\t<div class=\"elementor-widget-container\">\n\t\t\t\t\t<h3 class=\"elementor-heading-title elementor-size-default\">Horaire des cours<\/h3>\t\t\t\t<\/div>\n\t\t\t\t<\/div>\n\t\t\t\t<div class=\"elementor-element elementor-element-de8f0be elementor-widget elementor-widget-text-editor\" data-id=\"de8f0be\" data-element_type=\"widget\" data-e-type=\"widget\" data-widget_type=\"text-editor.default\">\n\t\t\t\t<div class=\"elementor-widget-container\">\n\t\t\t\t\t\t\t\t\t<div class=\"\" data-block=\"true\" data-editor=\"7v7ni\" data-offset-key=\"tjvo-0-0\"><div class=\"public-DraftStyleDefault-block public-DraftStyleDefault-ltr\" data-offset-key=\"tjvo-0-0\"><span data-offset-key=\"tjvo-0-0\">Mardi, mercredi et jeudi <\/span><span data-offset-key=\"tjvo-0-0\">pendant l&rsquo;ann\u00e9e scolaire<\/span><\/div><div class=\"public-DraftStyleDefault-block public-DraftStyleDefault-ltr\" data-offset-key=\"tjvo-0-0\"><span style=\"font-size: 16px;\">de 9h30 \u00e0 11h30 ou de\u00a0<\/span>14h \u00e0 16h.<\/div><div data-offset-key=\"tjvo-0-0\">Chaque apprenant b\u00e9n\u00e9ficie de 3 cours de 2h par semaine, dans un groupe de son niveau.\u00a0<\/div><\/div><div class=\"\" data-block=\"true\" data-editor=\"7v7ni\" data-offset-key=\"4h4ep-0-0\">Pr\u00e9paration des DELF A2, B1, B2 .<\/div>\t\t\t\t\t\t\t\t<\/div>\n\t\t\t\t<\/div>\n\t\t\t\t\t<\/div>\n\t\t<\/div>\n\t\t\t\t\t<\/div>\n\t\t<\/section>\n\t\t\t\t<section class=\"elementor-section elementor-top-section elementor-element elementor-element-7a3416b elementor-section-content-middle elementor-section-boxed elementor-section-height-default elementor-section-height-default\" data-id=\"7a3416b\" data-element_type=\"section\" data-e-type=\"section\" data-settings=\"{&quot;background_background&quot;:&quot;classic&quot;}\">\n\t\t\t\t\t\t<div class=\"elementor-container elementor-column-gap-no\">\n\t\t\t\t\t<div class=\"elementor-column elementor-col-100 elementor-top-column elementor-element elementor-element-d2e211d\" data-id=\"d2e211d\" data-element_type=\"column\" data-e-type=\"column\">\n\t\t\t<div class=\"elementor-widget-wrap elementor-element-populated\">\n\t\t\t\t\t\t<div class=\"elementor-element elementor-element-1533d37 elementor-widget elementor-widget-heading\" data-id=\"1533d37\" data-element_type=\"widget\" data-e-type=\"widget\" data-widget_type=\"heading.default\">\n\t\t\t\t<div class=\"elementor-widget-container\">\n\t\t\t\t\t<h3 class=\"elementor-heading-title elementor-size-default\">Tarifs et Inscriptions<\/h3>\t\t\t\t<\/div>\n\t\t\t\t<\/div>\n\t\t\t\t<div class=\"elementor-element elementor-element-f72e9a6 elementor-widget elementor-widget-text-editor\" data-id=\"f72e9a6\" data-element_type=\"widget\" data-e-type=\"widget\" data-widget_type=\"text-editor.default\">\n\t\t\t\t<div class=\"elementor-widget-container\">\n\t\t\t\t\t\t\t\t\t<div data-block=\"true\" data-editor=\"7v7ni\" data-offset-key=\"cq4va-0-0\"><div data-offset-key=\"cq4va-0-0\"><span data-offset-key=\"cq4va-0-0\">Participation aux frais de fonctionnement 6<u>0\u20ac par an ( deux fois 30\u20ac, par semestre )<\/u><\/span><\/div><\/div>\t\t\t\t\t\t\t\t<\/div>\n\t\t\t\t<\/div>\n\t\t\t\t<div class=\"elementor-element elementor-element-0e9cbc5 elementor-widget elementor-widget-text-editor\" data-id=\"0e9cbc5\" data-element_type=\"widget\" data-e-type=\"widget\" data-widget_type=\"text-editor.default\">\n\t\t\t\t<div class=\"elementor-widget-container\">\n\t\t\t\t\t\t\t\t\t<p>A partir du 16 septembre 2026, <strong>accueil, et inscription si place disponible, tous les lundis de 14h \u00e0 16h<\/strong> (<i>hors vacances scolaires) .<\/i> Possibilit\u00e9 de mise en attente<\/p>\t\t\t\t\t\t\t\t<\/div>\n\t\t\t\t<\/div>\n\t\t\t\t\t<\/div>\n\t\t<\/div>\n\t\t\t\t\t<\/div>\n\t\t<\/section>\n\t\t\t\t<section class=\"elementor-section elementor-top-section elementor-element elementor-element-a620461 elementor-section-boxed elementor-section-height-default elementor-section-height-default\" data-id=\"a620461\" data-element_type=\"section\" data-e-type=\"section\" data-settings=\"{&quot;background_background&quot;:&quot;classic&quot;}\">\n\t\t\t\t\t\t<div class=\"elementor-container elementor-column-gap-default\">\n\t\t\t\t\t<div class=\"elementor-column elementor-col-100 elementor-top-column elementor-element elementor-element-684c60c\" data-id=\"684c60c\" data-element_type=\"column\" data-e-type=\"column\">\n\t\t\t<div class=\"elementor-widget-wrap elementor-element-populated\">\n\t\t\t\t\t\t<div class=\"elementor-element elementor-element-f7cc51a elementor-widget elementor-widget-osm-map-elementor\" data-id=\"f7cc51a\" data-element_type=\"widget\" data-e-type=\"widget\" data-widget_type=\"osm-map-elementor.default\">\n\t\t\t\t<div class=\"elementor-widget-container\">\n\t\t\t\t\t<div id=\"osm-map-f7cc51a\" \n        class=\"osm-map-container\" \n        data-center=\"45.750597361626,4.8485457393115\"><\/div>        <script type=\"text\/javascript\">\n                    <\/script>\n        \t\t\t\t<\/div>\n\t\t\t\t<\/div>\n\t\t\t\t\t<\/div>\n\t\t<\/div>\n\t\t\t\t\t<\/div>\n\t\t<\/section>\n\t\t\t\t<section class=\"elementor-section elementor-top-section elementor-element elementor-element-c49427f elementor-section-boxed elementor-section-height-default elementor-section-height-default\" data-id=\"c49427f\" data-element_type=\"section\" data-e-type=\"section\">\n\t\t\t\t\t\t<div class=\"elementor-container elementor-column-gap-default\">\n\t\t\t\t\t<div class=\"elementor-column elementor-col-100 elementor-top-column elementor-element elementor-element-537d9dc\" data-id=\"537d9dc\" data-element_type=\"column\" data-e-type=\"column\">\n\t\t\t<div class=\"elementor-widget-wrap elementor-element-populated\">\n\t\t\t\t\t\t<div class=\"elementor-element elementor-element-7720632 elementor-align-center elementor-widget elementor-widget-button\" data-id=\"7720632\" data-element_type=\"widget\" data-e-type=\"widget\" data-widget_type=\"button.default\">\n\t\t\t\t<div class=\"elementor-widget-container\">\n\t\t\t\t\t\t\t\t\t<div class=\"elementor-button-wrapper\">\n\t\t\t\t\t<a class=\"elementor-button elementor-button-link elementor-size-sm\" href=\"https:\/\/www.fil-fle-lyon.com\/siteWP\/je-cherche-un-cours\/\">\n\t\t\t\t\t\t<span class=\"elementor-button-content-wrapper\">\n\t\t\t\t\t\t\t\t\t<span class=\"elementor-button-text\">Revenir \u00e0 la page des cours<\/span>\n\t\t\t\t\t<\/span>\n\t\t\t\t\t<\/a>\n\t\t\t\t<\/div>\n\t\t\t\t\t\t\t\t<\/div>\n\t\t\t\t<\/div>\n\t\t\t\t\t<\/div>\n\t\t<\/div>\n\t\t\t\t\t<\/div>\n\t\t<\/section>\n\t\t\t\t<section class=\"elementor-section elementor-top-section elementor-element elementor-element-b007f45 elementor-section-boxed elementor-section-height-default elementor-section-height-default\" data-id=\"b007f45\" data-element_type=\"section\" data-e-type=\"section\">\n\t\t\t\t\t\t<div class=\"elementor-container elementor-column-gap-default\">\n\t\t\t\t\t<div class=\"elementor-column elementor-col-100 elementor-top-column elementor-element elementor-element-d6bda74\" data-id=\"d6bda74\" data-element_type=\"column\" data-e-type=\"column\">\n\t\t\t<div class=\"elementor-widget-wrap elementor-element-populated\">\n\t\t\t\t\t\t<section class=\"elementor-section elementor-inner-section elementor-element elementor-element-2b1048a elementor-section-boxed elementor-section-height-default elementor-section-height-default\" data-id=\"2b1048a\" data-element_type=\"section\" data-e-type=\"section\">\n\t\t\t\t\t\t<div class=\"elementor-container elementor-column-gap-default\">\n\t\t\t\t\t<div class=\"elementor-column elementor-col-50 elementor-inner-column elementor-element elementor-element-43e9d18\" data-id=\"43e9d18\" data-element_type=\"column\" data-e-type=\"column\">\n\t\t\t<div class=\"elementor-widget-wrap\">\n\t\t\t\t\t\t\t<\/div>\n\t\t<\/div>\n\t\t\t\t<div class=\"elementor-column elementor-col-50 elementor-inner-column elementor-element elementor-element-2c9452e\" data-id=\"2c9452e\" data-element_type=\"column\" data-e-type=\"column\">\n\t\t\t<div class=\"elementor-widget-wrap\">\n\t\t\t\t\t\t\t<\/div>\n\t\t<\/div>\n\t\t\t\t\t<\/div>\n\t\t<\/section>\n\t\t\t\t\t<\/div>\n\t\t<\/div>\n\t\t\t\t\t<\/div>\n\t\t<\/section>\n\t\t\t\t<\/div>\n\t\t","protected":false},"excerpt":{"rendered":"<p>Cours de fran\u00e7ais Lyon 7e en journ\u00e9e : FLE (Fran\u00e7ais Langue Etrang\u00e8re) 4, rue Claude Boyer 69007 Flash Info Fin des cours le 18 juin 2026.\u00a0 Pas de cours pendant les vacances scolaires et plus de nouvelles inscriptions en mai et juin (plus d&rsquo;accueil le lundi). Nouvel accueil et inscriptions en septembre 2026 : mardi [&hellip;]<\/p>\n","protected":false},"author":5,"featured_media":0,"parent":2168,"menu_order":0,"comment_status":"closed","ping_status":"closed","template":"","meta":{"site-sidebar-layout":"no-sidebar","site-content-layout":"page-builder","ast-site-content-layout":"default","site-content-style":"default","site-sidebar-style":"default","ast-global-header-display":"","ast-banner-title-visibility":"","ast-main-header-display":"","ast-hfb-above-header-display":"","ast-hfb-below-header-display":"","ast-hfb-mobile-header-display":"","site-post-title":"","ast-breadcrumbs-content":"","ast-featured-img":"disabled","footer-sml-layout":"","ast-disable-related-posts":"","theme-transparent-header-meta":"enabled","adv-header-id-meta":"","stick-header-meta":"","header-above-stick-meta":"","header-main-stick-meta":"","header-below-stick-meta":"","astra-migrate-meta-layouts":"default","ast-page-background-enabled":"default","ast-page-background-meta":{"desktop":{"background-color":"","background-image":"","background-repeat":"repeat","background-position":"center center","background-size":"auto","background-attachment":"scroll","background-type":"","background-media":"","overlay-type":"","overlay-color":"","overlay-opacity":"","overlay-gradient":""},"tablet":{"background-color":"","background-image":"","background-repeat":"repeat","background-position":"center center","background-size":"auto","background-attachment":"scroll","background-type":"","background-media":"","overlay-type":"","overlay-color":"","overlay-opacity":"","overlay-gradient":""},"mobile":{"background-color":"","background-image":"","background-repeat":"repeat","background-position":"center center","background-size":"auto","background-attachment":"scroll","background-type":"","background-media":"","overlay-type":"","overlay-color":"","overlay-opacity":"","overlay-gradient":""}},"ast-content-background-meta":{"desktop":{"background-color":"var(--ast-global-color-5)","background-image":"","background-repeat":"repeat","background-position":"center center","background-size":"auto","background-attachment":"scroll","background-type":"","background-media":"","overlay-type":"","overlay-color":"","overlay-opacity":"","overlay-gradient":""},"tablet":{"background-color":"var(--ast-global-color-5)","background-image":"","background-repeat":"repeat","background-position":"center center","background-size":"auto","background-attachment":"scroll","background-type":"","background-media":"","overlay-type":"","overlay-color":"","overlay-opacity":"","overlay-gradient":""},"mobile":{"background-color":"var(--ast-global-color-5)","background-image":"","background-repeat":"repeat","background-position":"center center","background-size":"auto","background-attachment":"scroll","background-type":"","background-media":"","overlay-type":"","overlay-color":"","overlay-opacity":"","overlay-gradient":""}},"footnotes":""},"coauthors":[38],"class_list":["post-2732","page","type-page","status-publish","hentry"],"yoast_head":"<!-- This site is optimized with the Yoast SEO plugin v27.5 - https:\/\/yoast.com\/product\/yoast-seo-wordpress\/ -->\n<title>Cours Lyon 7 Journ\u00e9e - FIL<\/title>\n<meta name=\"description\" content=\"Association FIL, Cours de fran\u00e7ais pour migrants, enseignement pour demandeurs d&#039;asile, FLE, Fran\u00e7ais Langue Etrang\u00e8re, formateurs b\u00e9n\u00e9voles.\" \/>\n<meta name=\"robots\" content=\"index, follow, max-snippet:-1, max-image-preview:large, max-video-preview:-1\" \/>\n<link rel=\"canonical\" href=\"https:\/\/www.fil-fle-lyon.com\/siteWP\/je-cherche-un-cours\/cours-lyon-7-journee\/\" \/>\n<meta property=\"og:locale\" content=\"fr_FR\" \/>\n<meta property=\"og:type\" content=\"article\" \/>\n<meta property=\"og:title\" content=\"Cours Lyon 7 Journ\u00e9e - FIL\" \/>\n<meta property=\"og:description\" content=\"Association FIL, Cours de fran\u00e7ais pour migrants, enseignement pour demandeurs d&#039;asile, FLE, Fran\u00e7ais Langue Etrang\u00e8re, formateurs b\u00e9n\u00e9voles.\" \/>\n<meta property=\"og:url\" content=\"https:\/\/www.fil-fle-lyon.com\/siteWP\/je-cherche-un-cours\/cours-lyon-7-journee\/\" \/>\n<meta property=\"og:site_name\" content=\"FIL\" \/>\n<meta property=\"article:modified_time\" content=\"2026-04-29T16:53:16+00:00\" \/>\n<meta name=\"twitter:card\" content=\"summary_large_image\" \/>\n<script type=\"application\/ld+json\" class=\"yoast-schema-graph\">{\"@context\":\"https:\\\/\\\/schema.org\",\"@graph\":[{\"@type\":\"WebPage\",\"@id\":\"https:\\\/\\\/www.fil-fle-lyon.com\\\/siteWP\\\/je-cherche-un-cours\\\/cours-lyon-7-journee\\\/\",\"url\":\"https:\\\/\\\/www.fil-fle-lyon.com\\\/siteWP\\\/je-cherche-un-cours\\\/cours-lyon-7-journee\\\/\",\"name\":\"Cours Lyon 7 Journ\u00e9e - FIL\",\"isPartOf\":{\"@id\":\"https:\\\/\\\/www.fil-fle-lyon.com\\\/siteWP\\\/#website\"},\"datePublished\":\"2020-12-12T13:02:58+00:00\",\"dateModified\":\"2026-04-29T16:53:16+00:00\",\"description\":\"Association FIL, Cours de fran\u00e7ais pour migrants, enseignement pour demandeurs d'asile, FLE, Fran\u00e7ais Langue Etrang\u00e8re, formateurs b\u00e9n\u00e9voles.\",\"breadcrumb\":{\"@id\":\"https:\\\/\\\/www.fil-fle-lyon.com\\\/siteWP\\\/je-cherche-un-cours\\\/cours-lyon-7-journee\\\/#breadcrumb\"},\"inLanguage\":\"fr-FR\",\"potentialAction\":[{\"@type\":\"ReadAction\",\"target\":[\"https:\\\/\\\/www.fil-fle-lyon.com\\\/siteWP\\\/je-cherche-un-cours\\\/cours-lyon-7-journee\\\/\"]}]},{\"@type\":\"BreadcrumbList\",\"@id\":\"https:\\\/\\\/www.fil-fle-lyon.com\\\/siteWP\\\/je-cherche-un-cours\\\/cours-lyon-7-journee\\\/#breadcrumb\",\"itemListElement\":[{\"@type\":\"ListItem\",\"position\":1,\"name\":\"Accueil\",\"item\":\"https:\\\/\\\/www.fil-fle-lyon.com\\\/siteWP\\\/\"},{\"@type\":\"ListItem\",\"position\":2,\"name\":\"Je cherche un cours\",\"item\":\"https:\\\/\\\/www.fil-fle-lyon.com\\\/siteWP\\\/je-cherche-un-cours\\\/\"},{\"@type\":\"ListItem\",\"position\":3,\"name\":\"Cours Lyon 7 Journ\u00e9e\"}]},{\"@type\":\"WebSite\",\"@id\":\"https:\\\/\\\/www.fil-fle-lyon.com\\\/siteWP\\\/#website\",\"url\":\"https:\\\/\\\/www.fil-fle-lyon.com\\\/siteWP\\\/\",\"name\":\"FIL\",\"description\":\"Faciliter l&#039;insertion par la langage\",\"publisher\":{\"@id\":\"https:\\\/\\\/www.fil-fle-lyon.com\\\/siteWP\\\/#organization\"},\"potentialAction\":[{\"@type\":\"SearchAction\",\"target\":{\"@type\":\"EntryPoint\",\"urlTemplate\":\"https:\\\/\\\/www.fil-fle-lyon.com\\\/siteWP\\\/?s={search_term_string}\"},\"query-input\":{\"@type\":\"PropertyValueSpecification\",\"valueRequired\":true,\"valueName\":\"search_term_string\"}}],\"inLanguage\":\"fr-FR\"},{\"@type\":\"Organization\",\"@id\":\"https:\\\/\\\/www.fil-fle-lyon.com\\\/siteWP\\\/#organization\",\"name\":\"FIL (faciliter l'i\",\"url\":\"https:\\\/\\\/www.fil-fle-lyon.com\\\/siteWP\\\/\",\"logo\":{\"@type\":\"ImageObject\",\"inLanguage\":\"fr-FR\",\"@id\":\"https:\\\/\\\/www.fil-fle-lyon.com\\\/siteWP\\\/#\\\/schema\\\/logo\\\/image\\\/\",\"url\":\"https:\\\/\\\/www.fil-fle-lyon.com\\\/siteWP\\\/wp-content\\\/uploads\\\/2020\\\/12\\\/cropped-fil-baseline1-12_2016-1-2.jpg\",\"contentUrl\":\"https:\\\/\\\/www.fil-fle-lyon.com\\\/siteWP\\\/wp-content\\\/uploads\\\/2020\\\/12\\\/cropped-fil-baseline1-12_2016-1-2.jpg\",\"width\":1130,\"height\":421,\"caption\":\"FIL (faciliter l'i\"},\"image\":{\"@id\":\"https:\\\/\\\/www.fil-fle-lyon.com\\\/siteWP\\\/#\\\/schema\\\/logo\\\/image\\\/\"}}]}<\/script>\n<!-- \/ Yoast SEO plugin. -->","yoast_head_json":{"title":"Cours Lyon 7 Journ\u00e9e - FIL","description":"Association FIL, Cours de fran\u00e7ais pour migrants, enseignement pour demandeurs d'asile, FLE, Fran\u00e7ais Langue Etrang\u00e8re, formateurs b\u00e9n\u00e9voles.","robots":{"index":"index","follow":"follow","max-snippet":"max-snippet:-1","max-image-preview":"max-image-preview:large","max-video-preview":"max-video-preview:-1"},"canonical":"https:\/\/www.fil-fle-lyon.com\/siteWP\/je-cherche-un-cours\/cours-lyon-7-journee\/","og_locale":"fr_FR","og_type":"article","og_title":"Cours Lyon 7 Journ\u00e9e - FIL","og_description":"Association FIL, Cours de fran\u00e7ais pour migrants, enseignement pour demandeurs d'asile, FLE, Fran\u00e7ais Langue Etrang\u00e8re, formateurs b\u00e9n\u00e9voles.","og_url":"https:\/\/www.fil-fle-lyon.com\/siteWP\/je-cherche-un-cours\/cours-lyon-7-journee\/","og_site_name":"FIL","article_modified_time":"2026-04-29T16:53:16+00:00","twitter_card":"summary_large_image","schema":{"@context":"https:\/\/schema.org","@graph":[{"@type":"WebPage","@id":"https:\/\/www.fil-fle-lyon.com\/siteWP\/je-cherche-un-cours\/cours-lyon-7-journee\/","url":"https:\/\/www.fil-fle-lyon.com\/siteWP\/je-cherche-un-cours\/cours-lyon-7-journee\/","name":"Cours Lyon 7 Journ\u00e9e - FIL","isPartOf":{"@id":"https:\/\/www.fil-fle-lyon.com\/siteWP\/#website"},"datePublished":"2020-12-12T13:02:58+00:00","dateModified":"2026-04-29T16:53:16+00:00","description":"Association FIL, Cours de fran\u00e7ais pour migrants, enseignement pour demandeurs d'asile, FLE, Fran\u00e7ais Langue Etrang\u00e8re, formateurs b\u00e9n\u00e9voles.","breadcrumb":{"@id":"https:\/\/www.fil-fle-lyon.com\/siteWP\/je-cherche-un-cours\/cours-lyon-7-journee\/#breadcrumb"},"inLanguage":"fr-FR","potentialAction":[{"@type":"ReadAction","target":["https:\/\/www.fil-fle-lyon.com\/siteWP\/je-cherche-un-cours\/cours-lyon-7-journee\/"]}]},{"@type":"BreadcrumbList","@id":"https:\/\/www.fil-fle-lyon.com\/siteWP\/je-cherche-un-cours\/cours-lyon-7-journee\/#breadcrumb","itemListElement":[{"@type":"ListItem","position":1,"name":"Accueil","item":"https:\/\/www.fil-fle-lyon.com\/siteWP\/"},{"@type":"ListItem","position":2,"name":"Je cherche un cours","item":"https:\/\/www.fil-fle-lyon.com\/siteWP\/je-cherche-un-cours\/"},{"@type":"ListItem","position":3,"name":"Cours Lyon 7 Journ\u00e9e"}]},{"@type":"WebSite","@id":"https:\/\/www.fil-fle-lyon.com\/siteWP\/#website","url":"https:\/\/www.fil-fle-lyon.com\/siteWP\/","name":"FIL","description":"Faciliter l&#039;insertion par la langage","publisher":{"@id":"https:\/\/www.fil-fle-lyon.com\/siteWP\/#organization"},"potentialAction":[{"@type":"SearchAction","target":{"@type":"EntryPoint","urlTemplate":"https:\/\/www.fil-fle-lyon.com\/siteWP\/?s={search_term_string}"},"query-input":{"@type":"PropertyValueSpecification","valueRequired":true,"valueName":"search_term_string"}}],"inLanguage":"fr-FR"},{"@type":"Organization","@id":"https:\/\/www.fil-fle-lyon.com\/siteWP\/#organization","name":"FIL (faciliter l'i","url":"https:\/\/www.fil-fle-lyon.com\/siteWP\/","logo":{"@type":"ImageObject","inLanguage":"fr-FR","@id":"https:\/\/www.fil-fle-lyon.com\/siteWP\/#\/schema\/logo\/image\/","url":"https:\/\/www.fil-fle-lyon.com\/siteWP\/wp-content\/uploads\/2020\/12\/cropped-fil-baseline1-12_2016-1-2.jpg","contentUrl":"https:\/\/www.fil-fle-lyon.com\/siteWP\/wp-content\/uploads\/2020\/12\/cropped-fil-baseline1-12_2016-1-2.jpg","width":1130,"height":421,"caption":"FIL (faciliter l'i"},"image":{"@id":"https:\/\/www.fil-fle-lyon.com\/siteWP\/#\/schema\/logo\/image\/"}}]}},"_links":{"self":[{"href":"https:\/\/www.fil-fle-lyon.com\/siteWP\/wp-json\/wp\/v2\/pages\/2732","targetHints":{"allow":["GET"]}}],"collection":[{"href":"https:\/\/www.fil-fle-lyon.com\/siteWP\/wp-json\/wp\/v2\/pages"}],"about":[{"href":"https:\/\/www.fil-fle-lyon.com\/siteWP\/wp-json\/wp\/v2\/types\/page"}],"author":[{"embeddable":true,"href":"https:\/\/www.fil-fle-lyon.com\/siteWP\/wp-json\/wp\/v2\/users\/5"}],"replies":[{"embeddable":true,"href":"https:\/\/www.fil-fle-lyon.com\/siteWP\/wp-json\/wp\/v2\/comments?post=2732"}],"version-history":[{"count":193,"href":"https:\/\/www.fil-fle-lyon.com\/siteWP\/wp-json\/wp\/v2\/pages\/2732\/revisions"}],"predecessor-version":[{"id":5790,"href":"https:\/\/www.fil-fle-lyon.com\/siteWP\/wp-json\/wp\/v2\/pages\/2732\/revisions\/5790"}],"up":[{"embeddable":true,"href":"https:\/\/www.fil-fle-lyon.com\/siteWP\/wp-json\/wp\/v2\/pages\/2168"}],"wp:attachment":[{"href":"https:\/\/www.fil-fle-lyon.com\/siteWP\/wp-json\/wp\/v2\/media?parent=2732"}],"wp:term":[{"taxonomy":"author","embeddable":true,"href":"https:\/\/www.fil-fle-lyon.com\/siteWP\/wp-json\/wp\/v2\/coauthors?post=2732"}],"curies":[{"name":"wp","href":"https:\/\/api.w.org\/{rel}","templated":true}]}}